{"id":2061,"date":"2021-02-02T11:27:21","date_gmt":"2021-02-02T11:27:21","guid":{"rendered":"https:\/\/ottclimatefund.ca\/team-member\/chris-henderson\/"},"modified":"2024-12-09T16:38:01","modified_gmt":"2024-12-09T16:38:01","slug":"chris-henderson","status":"publish","type":"team-member","link":"https:\/\/ottclimatefund.ca\/fr\/equipe\/chris-henderson\/","title":{"rendered":"Chris Henderson"},"content":{"rendered":"<p>Chris Henderson est un \u00e9co-entrepreneur canadien, chef de file de la communaut\u00e9 et innovateur en environnement. Au cours des 35 derni\u00e8res ann\u00e9es, il a dirig\u00e9 et men\u00e9 des entreprises r\u00e9volutionnaires canadiennes ainsi que des initiatives commerciales, sociales et \u00e9cologiques locales et nationales qui ont eu un impact et une r\u00e9sonance \u00e0 l\u2019\u00e9chelle mondiale. Chris est un commentateur de confiance et r\u00e9fl\u00e9chi sur les enjeux \u00e9conomiques, environnementaux et \u00e9nerg\u00e9tiques respectueux de la plan\u00e8te et qui g\u00e9n\u00e8rent des retomb\u00e9es durables pour les entreprises, les communaut\u00e9s et le Canada. Le principal r\u00f4le actuel de Chris consiste \u00e0 conseiller et \u00e0 outiller les peuples et communaut\u00e9s autochtones afin qu\u2019ils d\u00e9veloppent et s\u2019approprient des projets d\u2019\u00e9nergie propre qui catalysent le d\u00e9veloppement social et les possibilit\u00e9s \u00e9conomiques tout en luttant contre les changements climatiques. Son premier livre, Aboriginal Power, a \u00e9t\u00e9 publi\u00e9 en 2013.<\/p>\n<p>Chris est pr\u00e9sident de Lumos Energy, directeur g\u00e9n\u00e9ral d\u2019Indigenous Clean Energy Social Enterprise, fondateur de The Delphi Group et pr\u00e9sident du Conseil d\u2019administration de Globe Series.<\/p>\n","protected":false},"featured_media":2062,"menu_order":23,"template":"","meta":{"_acf_changed":false,"cybocfi_hide_featured_image":""},"team-category":[22],"class_list":["post-2061","team-member","type-team-member","status-publish","has-post-thumbnail","hentry","team-category-advisory-board-fr"],"acf":[],"yoast_head":"<!-- This site is optimized with the Yoast SEO plugin v27.4 - https:\/\/yoast.com\/product\/yoast-seo-wordpress\/ -->\n<title>Chris Henderson - Ottawa Climate Action Fund<\/title>\n<meta name=\"robots\" content=\"index, follow, max-snippet:-1, max-image-preview:large, max-video-preview:-1\" \/>\n<link rel=\"canonical\" href=\"https:\/\/ottclimatefund.ca\/fr\/equipe\/chris-henderson\/\" \/>\n<meta property=\"og:locale\" content=\"fr_FR\" \/>\n<meta property=\"og:type\" content=\"article\" \/>\n<meta property=\"og:title\" content=\"Chris Henderson - Ottawa Climate Action Fund\" \/>\n<meta property=\"og:description\" content=\"Chris Henderson est un \u00e9co-entrepreneur canadien, chef de file de la communaut\u00e9 et innovateur en environnement. Au cours des 35 derni\u00e8res ann\u00e9es, il a dirig\u00e9 et men\u00e9 des entreprises r\u00e9volutionnaires canadiennes ainsi que des initiatives commerciales, sociales et \u00e9cologiques locales et nationales qui ont eu un impact et une r\u00e9sonance \u00e0 l\u2019\u00e9chelle mondiale. Chris est [&hellip;]\" \/>\n<meta property=\"og:url\" content=\"https:\/\/ottclimatefund.ca\/fr\/equipe\/chris-henderson\/\" \/>\n<meta property=\"og:site_name\" content=\"Ottawa Climate Action Fund\" \/>\n<meta property=\"article:modified_time\" content=\"2024-12-09T16:38:01+00:00\" \/>\n<meta property=\"og:image\" content=\"https:\/\/ottclimatefund.ca\/wp-content\/uploads\/2021\/02\/Chris-Henderson.jpg\" \/>\n\t<meta property=\"og:image:width\" content=\"500\" \/>\n\t<meta property=\"og:image:height\" content=\"500\" \/>\n\t<meta property=\"og:image:type\" content=\"image\/jpeg\" \/>\n<meta name=\"twitter:card\" content=\"summary_large_image\" \/>\n<meta name=\"twitter:site\" content=\"@OttClimateFund\" \/>\n<meta name=\"twitter:label1\" content=\"Est. reading time\" \/>\n\t<meta name=\"twitter:data1\" content=\"1 minute\" \/>\n<script type=\"application\/ld+json\" class=\"yoast-schema-graph\">{\"@context\":\"https:\\\/\\\/schema.org\",\"@graph\":[{\"@type\":\"WebPage\",\"@id\":\"https:\\\/\\\/ottclimatefund.ca\\\/fr\\\/equipe\\\/chris-henderson\\\/\",\"url\":\"https:\\\/\\\/ottclimatefund.ca\\\/fr\\\/equipe\\\/chris-henderson\\\/\",\"name\":\"Chris Henderson - Ottawa Climate Action Fund\",\"isPartOf\":{\"@id\":\"https:\\\/\\\/ottclimatefund.ca\\\/#website\"},\"primaryImageOfPage\":{\"@id\":\"https:\\\/\\\/ottclimatefund.ca\\\/fr\\\/equipe\\\/chris-henderson\\\/#primaryimage\"},\"image\":{\"@id\":\"https:\\\/\\\/ottclimatefund.ca\\\/fr\\\/equipe\\\/chris-henderson\\\/#primaryimage\"},\"thumbnailUrl\":\"https:\\\/\\\/ottclimatefund.ca\\\/wp-content\\\/uploads\\\/2021\\\/02\\\/Chris-Henderson.jpg\",\"datePublished\":\"2021-02-02T11:27:21+00:00\",\"dateModified\":\"2024-12-09T16:38:01+00:00\",\"breadcrumb\":{\"@id\":\"https:\\\/\\\/ottclimatefund.ca\\\/fr\\\/equipe\\\/chris-henderson\\\/#breadcrumb\"},\"inLanguage\":\"fr-FR\",\"potentialAction\":[{\"@type\":\"ReadAction\",\"target\":[\"https:\\\/\\\/ottclimatefund.ca\\\/fr\\\/equipe\\\/chris-henderson\\\/\"]}]},{\"@type\":\"ImageObject\",\"inLanguage\":\"fr-FR\",\"@id\":\"https:\\\/\\\/ottclimatefund.ca\\\/fr\\\/equipe\\\/chris-henderson\\\/#primaryimage\",\"url\":\"https:\\\/\\\/ottclimatefund.ca\\\/wp-content\\\/uploads\\\/2021\\\/02\\\/Chris-Henderson.jpg\",\"contentUrl\":\"https:\\\/\\\/ottclimatefund.ca\\\/wp-content\\\/uploads\\\/2021\\\/02\\\/Chris-Henderson.jpg\",\"width\":500,\"height\":500},{\"@type\":\"BreadcrumbList\",\"@id\":\"https:\\\/\\\/ottclimatefund.ca\\\/fr\\\/equipe\\\/chris-henderson\\\/#breadcrumb\",\"itemListElement\":[{\"@type\":\"ListItem\",\"position\":1,\"name\":\"Home\",\"item\":\"https:\\\/\\\/ottclimatefund.ca\\\/fr\\\/\"},{\"@type\":\"ListItem\",\"position\":2,\"name\":\"Chris Henderson\"}]},{\"@type\":\"WebSite\",\"@id\":\"https:\\\/\\\/ottclimatefund.ca\\\/#website\",\"url\":\"https:\\\/\\\/ottclimatefund.ca\\\/\",\"name\":\"Ottawa Climate Action Fund\",\"description\":\"Carbon down. Community Up.\",\"publisher\":{\"@id\":\"https:\\\/\\\/ottclimatefund.ca\\\/#organization\"},\"potentialAction\":[{\"@type\":\"SearchAction\",\"target\":{\"@type\":\"EntryPoint\",\"urlTemplate\":\"https:\\\/\\\/ottclimatefund.ca\\\/?s={search_term_string}\"},\"query-input\":{\"@type\":\"PropertyValueSpecification\",\"valueRequired\":true,\"valueName\":\"search_term_string\"}}],\"inLanguage\":\"fr-FR\"},{\"@type\":\"Organization\",\"@id\":\"https:\\\/\\\/ottclimatefund.ca\\\/#organization\",\"name\":\"Ottawa Climate Action Fund\",\"url\":\"https:\\\/\\\/ottclimatefund.ca\\\/\",\"logo\":{\"@type\":\"ImageObject\",\"inLanguage\":\"fr-FR\",\"@id\":\"https:\\\/\\\/ottclimatefund.ca\\\/#\\\/schema\\\/logo\\\/image\\\/\",\"url\":\"https:\\\/\\\/ottclimatefund.ca\\\/wp-content\\\/uploads\\\/2024\\\/07\\\/ocaf-logo.svg\",\"contentUrl\":\"https:\\\/\\\/ottclimatefund.ca\\\/wp-content\\\/uploads\\\/2024\\\/07\\\/ocaf-logo.svg\",\"width\":172,\"height\":37,\"caption\":\"Ottawa Climate Action Fund\"},\"image\":{\"@id\":\"https:\\\/\\\/ottclimatefund.ca\\\/#\\\/schema\\\/logo\\\/image\\\/\"},\"sameAs\":[\"https:\\\/\\\/x.com\\\/OttClimateFund\",\"https:\\\/\\\/www.linkedin.com\\\/company\\\/ottawa-climate-action-fund\\\/about\\\/\"]}]}<\/script>\n<!-- \/ Yoast SEO plugin. -->","yoast_head_json":{"title":"Chris Henderson - Ottawa Climate Action Fund","robots":{"index":"index","follow":"follow","max-snippet":"max-snippet:-1","max-image-preview":"max-image-preview:large","max-video-preview":"max-video-preview:-1"},"canonical":"https:\/\/ottclimatefund.ca\/fr\/equipe\/chris-henderson\/","og_locale":"fr_FR","og_type":"article","og_title":"Chris Henderson - Ottawa Climate Action Fund","og_description":"Chris Henderson est un \u00e9co-entrepreneur canadien, chef de file de la communaut\u00e9 et innovateur en environnement. Au cours des 35 derni\u00e8res ann\u00e9es, il a dirig\u00e9 et men\u00e9 des entreprises r\u00e9volutionnaires canadiennes ainsi que des initiatives commerciales, sociales et \u00e9cologiques locales et nationales qui ont eu un impact et une r\u00e9sonance \u00e0 l\u2019\u00e9chelle mondiale. Chris est [&hellip;]","og_url":"https:\/\/ottclimatefund.ca\/fr\/equipe\/chris-henderson\/","og_site_name":"Ottawa Climate Action Fund","article_modified_time":"2024-12-09T16:38:01+00:00","og_image":[{"width":500,"height":500,"url":"https:\/\/ottclimatefund.ca\/wp-content\/uploads\/2021\/02\/Chris-Henderson.jpg","type":"image\/jpeg"}],"twitter_card":"summary_large_image","twitter_site":"@OttClimateFund","twitter_misc":{"Est. reading time":"1 minute"},"schema":{"@context":"https:\/\/schema.org","@graph":[{"@type":"WebPage","@id":"https:\/\/ottclimatefund.ca\/fr\/equipe\/chris-henderson\/","url":"https:\/\/ottclimatefund.ca\/fr\/equipe\/chris-henderson\/","name":"Chris Henderson - Ottawa Climate Action Fund","isPartOf":{"@id":"https:\/\/ottclimatefund.ca\/#website"},"primaryImageOfPage":{"@id":"https:\/\/ottclimatefund.ca\/fr\/equipe\/chris-henderson\/#primaryimage"},"image":{"@id":"https:\/\/ottclimatefund.ca\/fr\/equipe\/chris-henderson\/#primaryimage"},"thumbnailUrl":"https:\/\/ottclimatefund.ca\/wp-content\/uploads\/2021\/02\/Chris-Henderson.jpg","datePublished":"2021-02-02T11:27:21+00:00","dateModified":"2024-12-09T16:38:01+00:00","breadcrumb":{"@id":"https:\/\/ottclimatefund.ca\/fr\/equipe\/chris-henderson\/#breadcrumb"},"inLanguage":"fr-FR","potentialAction":[{"@type":"ReadAction","target":["https:\/\/ottclimatefund.ca\/fr\/equipe\/chris-henderson\/"]}]},{"@type":"ImageObject","inLanguage":"fr-FR","@id":"https:\/\/ottclimatefund.ca\/fr\/equipe\/chris-henderson\/#primaryimage","url":"https:\/\/ottclimatefund.ca\/wp-content\/uploads\/2021\/02\/Chris-Henderson.jpg","contentUrl":"https:\/\/ottclimatefund.ca\/wp-content\/uploads\/2021\/02\/Chris-Henderson.jpg","width":500,"height":500},{"@type":"BreadcrumbList","@id":"https:\/\/ottclimatefund.ca\/fr\/equipe\/chris-henderson\/#breadcrumb","itemListElement":[{"@type":"ListItem","position":1,"name":"Home","item":"https:\/\/ottclimatefund.ca\/fr\/"},{"@type":"ListItem","position":2,"name":"Chris Henderson"}]},{"@type":"WebSite","@id":"https:\/\/ottclimatefund.ca\/#website","url":"https:\/\/ottclimatefund.ca\/","name":"Ottawa Climate Action Fund","description":"Carbon down. Community Up.","publisher":{"@id":"https:\/\/ottclimatefund.ca\/#organization"},"potentialAction":[{"@type":"SearchAction","target":{"@type":"EntryPoint","urlTemplate":"https:\/\/ottclimatefund.ca\/?s={search_term_string}"},"query-input":{"@type":"PropertyValueSpecification","valueRequired":true,"valueName":"search_term_string"}}],"inLanguage":"fr-FR"},{"@type":"Organization","@id":"https:\/\/ottclimatefund.ca\/#organization","name":"Ottawa Climate Action Fund","url":"https:\/\/ottclimatefund.ca\/","logo":{"@type":"ImageObject","inLanguage":"fr-FR","@id":"https:\/\/ottclimatefund.ca\/#\/schema\/logo\/image\/","url":"https:\/\/ottclimatefund.ca\/wp-content\/uploads\/2024\/07\/ocaf-logo.svg","contentUrl":"https:\/\/ottclimatefund.ca\/wp-content\/uploads\/2024\/07\/ocaf-logo.svg","width":172,"height":37,"caption":"Ottawa Climate Action Fund"},"image":{"@id":"https:\/\/ottclimatefund.ca\/#\/schema\/logo\/image\/"},"sameAs":["https:\/\/x.com\/OttClimateFund","https:\/\/www.linkedin.com\/company\/ottawa-climate-action-fund\/about\/"]}]}},"_links":{"self":[{"href":"https:\/\/ottclimatefund.ca\/fr\/wp-json\/wp\/v2\/team-member\/2061","targetHints":{"allow":["GET"]}}],"collection":[{"href":"https:\/\/ottclimatefund.ca\/fr\/wp-json\/wp\/v2\/team-member"}],"about":[{"href":"https:\/\/ottclimatefund.ca\/fr\/wp-json\/wp\/v2\/types\/team-member"}],"wp:featuredmedia":[{"embeddable":true,"href":"https:\/\/ottclimatefund.ca\/fr\/wp-json\/wp\/v2\/media\/2062"}],"wp:attachment":[{"href":"https:\/\/ottclimatefund.ca\/fr\/wp-json\/wp\/v2\/media?parent=2061"}],"wp:term":[{"taxonomy":"team-category","embeddable":true,"href":"https:\/\/ottclimatefund.ca\/fr\/wp-json\/wp\/v2\/team-category?post=2061"}],"curies":[{"name":"wp","href":"https:\/\/api.w.org\/{rel}","templated":true}]}}