{"id":1166,"date":"2023-05-26T09:18:10","date_gmt":"2023-05-26T13:18:10","guid":{"rendered":"https:\/\/www.ocaf-faco.ca\/?post_type=team-member&#038;p=1166"},"modified":"2024-09-10T11:58:39","modified_gmt":"2024-09-10T11:58:39","slug":"councillor-rawlson-king","status":"publish","type":"team-member","link":"https:\/\/ottclimatefund.ca\/fr\/equipe\/councillor-rawlson-king\/","title":{"rendered":"Councillor Rawlson King"},"content":{"rendered":"<p><span dir=\"ltr\" lang=\"FR-CA\" xml:lang=\"FR-CA\">Rawlson King est devenu le tout premier conseiller municipal noir d\u2019Ottawa en avril 2019, \u00e0 l\u2019issue d\u2019une \u00e9lection partielle historique qui s\u2019est tenue dans le Quartier 13 \u2013 Rideau-Rockcliffe. Il a \u00e9t\u00e9 r\u00e9\u00e9lu en octobre 2022.<\/span><\/p>\n<p><span dir=\"ltr\" lang=\"FR-CA\" xml:lang=\"FR-CA\">Pendant le mandant du Conseil de 2018-2022, M. King a \u00e9t\u00e9 nomm\u00e9 agent de liaison du Conseil pour les initiatives de relations ethnoculturelles et de lutte contre le racisme et a \u00e9t\u00e9 responsable de la cr\u00e9ation du bureau du Secr\u00e9tariat de la lutte contre le racisme et de la Strat\u00e9gie de lutte contre le racisme de la Ville. Au cours de ce mandat, il a \u00e9t\u00e9 pr\u00e9sident du Sous-comit\u00e9 du patrimoine b\u00e2ti et a \u00e9galement \u00e9t\u00e9 nomm\u00e9 au Comit\u00e9 permanent de la protection de l\u2019environnement, de l\u2019eau et de la gestion des d\u00e9chets et au Sous-comit\u00e9 de la technologie de l&rsquo;information. Il a \u00e9galement si\u00e9g\u00e9 au conseil d&rsquo;administration du Service de police d&rsquo;Ottawa, de Pr\u00e9vention du crime Ottawa, de la Soci\u00e9t\u00e9 de logement communautaire d&rsquo;Ottawa, de la Biblioth\u00e8que publique d&rsquo;Ottawa, de la Soci\u00e9t\u00e9 d\u2019am\u00e9nagement des terrains communautaires d\u2019Ottawa et de la ZAC du quartier Vanier.<\/span><\/p>\n<p><span dir=\"ltr\" lang=\"FR-CA\" xml:lang=\"FR-CA\">Avant son \u00e9lection \u00e0 des fonctions publiques, il \u00e9tait entrepreneur et professionnel de la communication comptant plus de 20 ans d&rsquo;exp\u00e9rience dans le secteur priv\u00e9 en \u00e9tudes de march\u00e9 dans les hautes technologies.<\/span><\/p>\n<p><a href=\"https:\/\/ottawa.ca\/fr\/hotel-de-ville\/maire-et-conseillers-municipaux\/rawlson-king-conseiller-quartier-13-rideau\">En savoir plus sur Conseiller King.<\/a><\/p>\n","protected":false},"featured_media":1169,"menu_order":20,"template":"","meta":{"_acf_changed":false,"cybocfi_hide_featured_image":""},"team-category":[22],"class_list":["post-1166","team-member","type-team-member","status-publish","has-post-thumbnail","hentry","team-category-advisory-board-fr"],"acf":[],"yoast_head":"<!-- This site is optimized with the Yoast SEO plugin v27.4 - https:\/\/yoast.com\/product\/yoast-seo-wordpress\/ -->\n<title>Councillor Rawlson King - Ottawa Climate Action Fund<\/title>\n<meta name=\"robots\" content=\"index, follow, max-snippet:-1, max-image-preview:large, max-video-preview:-1\" \/>\n<link rel=\"canonical\" href=\"https:\/\/ottclimatefund.ca\/equipe\/councillor-rawlson-king\/\" \/>\n<meta property=\"og:locale\" content=\"fr_FR\" \/>\n<meta property=\"og:type\" content=\"article\" \/>\n<meta property=\"og:title\" content=\"Councillor Rawlson King - Ottawa Climate Action Fund\" \/>\n<meta property=\"og:description\" content=\"Rawlson King est devenu le tout premier conseiller municipal noir d\u2019Ottawa en avril 2019, \u00e0 l\u2019issue d\u2019une \u00e9lection partielle historique qui s\u2019est tenue dans le Quartier 13 \u2013 Rideau-Rockcliffe. Il a \u00e9t\u00e9 r\u00e9\u00e9lu en octobre 2022. Pendant le mandant du Conseil de 2018-2022, M. King a \u00e9t\u00e9 nomm\u00e9 agent de liaison du Conseil pour les [&hellip;]\" \/>\n<meta property=\"og:url\" content=\"https:\/\/ottclimatefund.ca\/equipe\/councillor-rawlson-king\/\" \/>\n<meta property=\"og:site_name\" content=\"Ottawa Climate Action Fund\" \/>\n<meta property=\"article:modified_time\" content=\"2024-09-10T11:58:39+00:00\" \/>\n<meta property=\"og:image\" content=\"https:\/\/ottclimatefund.ca\/wp-content\/uploads\/2023\/05\/2022-11-01-Rawlson-King-Selection-Confirmed-2.jpg\" \/>\n\t<meta property=\"og:image:width\" content=\"638\" \/>\n\t<meta property=\"og:image:height\" content=\"661\" \/>\n\t<meta property=\"og:image:type\" content=\"image\/jpeg\" \/>\n<meta name=\"twitter:card\" content=\"summary_large_image\" \/>\n<meta name=\"twitter:site\" content=\"@OttClimateFund\" \/>\n<meta name=\"twitter:label1\" content=\"Est. reading time\" \/>\n\t<meta name=\"twitter:data1\" content=\"1 minute\" \/>\n<script type=\"application\/ld+json\" class=\"yoast-schema-graph\">{\"@context\":\"https:\\\/\\\/schema.org\",\"@graph\":[{\"@type\":\"WebPage\",\"@id\":\"https:\\\/\\\/ottclimatefund.ca\\\/equipe\\\/councillor-rawlson-king\\\/\",\"url\":\"https:\\\/\\\/ottclimatefund.ca\\\/equipe\\\/councillor-rawlson-king\\\/\",\"name\":\"Councillor Rawlson King - Ottawa Climate Action Fund\",\"isPartOf\":{\"@id\":\"https:\\\/\\\/ottclimatefund.ca\\\/#website\"},\"primaryImageOfPage\":{\"@id\":\"https:\\\/\\\/ottclimatefund.ca\\\/equipe\\\/councillor-rawlson-king\\\/#primaryimage\"},\"image\":{\"@id\":\"https:\\\/\\\/ottclimatefund.ca\\\/equipe\\\/councillor-rawlson-king\\\/#primaryimage\"},\"thumbnailUrl\":\"https:\\\/\\\/ottclimatefund.ca\\\/wp-content\\\/uploads\\\/2023\\\/05\\\/2022-11-01-Rawlson-King-Selection-Confirmed-2.jpg\",\"datePublished\":\"2023-05-26T13:18:10+00:00\",\"dateModified\":\"2024-09-10T11:58:39+00:00\",\"breadcrumb\":{\"@id\":\"https:\\\/\\\/ottclimatefund.ca\\\/equipe\\\/councillor-rawlson-king\\\/#breadcrumb\"},\"inLanguage\":\"fr-FR\",\"potentialAction\":[{\"@type\":\"ReadAction\",\"target\":[\"https:\\\/\\\/ottclimatefund.ca\\\/equipe\\\/councillor-rawlson-king\\\/\"]}]},{\"@type\":\"ImageObject\",\"inLanguage\":\"fr-FR\",\"@id\":\"https:\\\/\\\/ottclimatefund.ca\\\/equipe\\\/councillor-rawlson-king\\\/#primaryimage\",\"url\":\"https:\\\/\\\/ottclimatefund.ca\\\/wp-content\\\/uploads\\\/2023\\\/05\\\/2022-11-01-Rawlson-King-Selection-Confirmed-2.jpg\",\"contentUrl\":\"https:\\\/\\\/ottclimatefund.ca\\\/wp-content\\\/uploads\\\/2023\\\/05\\\/2022-11-01-Rawlson-King-Selection-Confirmed-2.jpg\",\"width\":638,\"height\":661},{\"@type\":\"BreadcrumbList\",\"@id\":\"https:\\\/\\\/ottclimatefund.ca\\\/equipe\\\/councillor-rawlson-king\\\/#breadcrumb\",\"itemListElement\":[{\"@type\":\"ListItem\",\"position\":1,\"name\":\"Home\",\"item\":\"https:\\\/\\\/ottclimatefund.ca\\\/fr\\\/\"},{\"@type\":\"ListItem\",\"position\":2,\"name\":\"Councillor Rawlson King\"}]},{\"@type\":\"WebSite\",\"@id\":\"https:\\\/\\\/ottclimatefund.ca\\\/#website\",\"url\":\"https:\\\/\\\/ottclimatefund.ca\\\/\",\"name\":\"Ottawa Climate Action Fund\",\"description\":\"Carbon down. Community Up.\",\"publisher\":{\"@id\":\"https:\\\/\\\/ottclimatefund.ca\\\/#organization\"},\"potentialAction\":[{\"@type\":\"SearchAction\",\"target\":{\"@type\":\"EntryPoint\",\"urlTemplate\":\"https:\\\/\\\/ottclimatefund.ca\\\/?s={search_term_string}\"},\"query-input\":{\"@type\":\"PropertyValueSpecification\",\"valueRequired\":true,\"valueName\":\"search_term_string\"}}],\"inLanguage\":\"fr-FR\"},{\"@type\":\"Organization\",\"@id\":\"https:\\\/\\\/ottclimatefund.ca\\\/#organization\",\"name\":\"Ottawa Climate Action Fund\",\"url\":\"https:\\\/\\\/ottclimatefund.ca\\\/\",\"logo\":{\"@type\":\"ImageObject\",\"inLanguage\":\"fr-FR\",\"@id\":\"https:\\\/\\\/ottclimatefund.ca\\\/#\\\/schema\\\/logo\\\/image\\\/\",\"url\":\"https:\\\/\\\/ottclimatefund.ca\\\/wp-content\\\/uploads\\\/2024\\\/07\\\/ocaf-logo.svg\",\"contentUrl\":\"https:\\\/\\\/ottclimatefund.ca\\\/wp-content\\\/uploads\\\/2024\\\/07\\\/ocaf-logo.svg\",\"width\":172,\"height\":37,\"caption\":\"Ottawa Climate Action Fund\"},\"image\":{\"@id\":\"https:\\\/\\\/ottclimatefund.ca\\\/#\\\/schema\\\/logo\\\/image\\\/\"},\"sameAs\":[\"https:\\\/\\\/x.com\\\/OttClimateFund\",\"https:\\\/\\\/www.linkedin.com\\\/company\\\/ottawa-climate-action-fund\\\/about\\\/\"]}]}<\/script>\n<!-- \/ Yoast SEO plugin. -->","yoast_head_json":{"title":"Councillor Rawlson King - Ottawa Climate Action Fund","robots":{"index":"index","follow":"follow","max-snippet":"max-snippet:-1","max-image-preview":"max-image-preview:large","max-video-preview":"max-video-preview:-1"},"canonical":"https:\/\/ottclimatefund.ca\/equipe\/councillor-rawlson-king\/","og_locale":"fr_FR","og_type":"article","og_title":"Councillor Rawlson King - Ottawa Climate Action Fund","og_description":"Rawlson King est devenu le tout premier conseiller municipal noir d\u2019Ottawa en avril 2019, \u00e0 l\u2019issue d\u2019une \u00e9lection partielle historique qui s\u2019est tenue dans le Quartier 13 \u2013 Rideau-Rockcliffe. Il a \u00e9t\u00e9 r\u00e9\u00e9lu en octobre 2022. Pendant le mandant du Conseil de 2018-2022, M. King a \u00e9t\u00e9 nomm\u00e9 agent de liaison du Conseil pour les [&hellip;]","og_url":"https:\/\/ottclimatefund.ca\/equipe\/councillor-rawlson-king\/","og_site_name":"Ottawa Climate Action Fund","article_modified_time":"2024-09-10T11:58:39+00:00","og_image":[{"width":638,"height":661,"url":"https:\/\/ottclimatefund.ca\/wp-content\/uploads\/2023\/05\/2022-11-01-Rawlson-King-Selection-Confirmed-2.jpg","type":"image\/jpeg"}],"twitter_card":"summary_large_image","twitter_site":"@OttClimateFund","twitter_misc":{"Est. reading time":"1 minute"},"schema":{"@context":"https:\/\/schema.org","@graph":[{"@type":"WebPage","@id":"https:\/\/ottclimatefund.ca\/equipe\/councillor-rawlson-king\/","url":"https:\/\/ottclimatefund.ca\/equipe\/councillor-rawlson-king\/","name":"Councillor Rawlson King - Ottawa Climate Action Fund","isPartOf":{"@id":"https:\/\/ottclimatefund.ca\/#website"},"primaryImageOfPage":{"@id":"https:\/\/ottclimatefund.ca\/equipe\/councillor-rawlson-king\/#primaryimage"},"image":{"@id":"https:\/\/ottclimatefund.ca\/equipe\/councillor-rawlson-king\/#primaryimage"},"thumbnailUrl":"https:\/\/ottclimatefund.ca\/wp-content\/uploads\/2023\/05\/2022-11-01-Rawlson-King-Selection-Confirmed-2.jpg","datePublished":"2023-05-26T13:18:10+00:00","dateModified":"2024-09-10T11:58:39+00:00","breadcrumb":{"@id":"https:\/\/ottclimatefund.ca\/equipe\/councillor-rawlson-king\/#breadcrumb"},"inLanguage":"fr-FR","potentialAction":[{"@type":"ReadAction","target":["https:\/\/ottclimatefund.ca\/equipe\/councillor-rawlson-king\/"]}]},{"@type":"ImageObject","inLanguage":"fr-FR","@id":"https:\/\/ottclimatefund.ca\/equipe\/councillor-rawlson-king\/#primaryimage","url":"https:\/\/ottclimatefund.ca\/wp-content\/uploads\/2023\/05\/2022-11-01-Rawlson-King-Selection-Confirmed-2.jpg","contentUrl":"https:\/\/ottclimatefund.ca\/wp-content\/uploads\/2023\/05\/2022-11-01-Rawlson-King-Selection-Confirmed-2.jpg","width":638,"height":661},{"@type":"BreadcrumbList","@id":"https:\/\/ottclimatefund.ca\/equipe\/councillor-rawlson-king\/#breadcrumb","itemListElement":[{"@type":"ListItem","position":1,"name":"Home","item":"https:\/\/ottclimatefund.ca\/fr\/"},{"@type":"ListItem","position":2,"name":"Councillor Rawlson King"}]},{"@type":"WebSite","@id":"https:\/\/ottclimatefund.ca\/#website","url":"https:\/\/ottclimatefund.ca\/","name":"Ottawa Climate Action Fund","description":"Carbon down. Community Up.","publisher":{"@id":"https:\/\/ottclimatefund.ca\/#organization"},"potentialAction":[{"@type":"SearchAction","target":{"@type":"EntryPoint","urlTemplate":"https:\/\/ottclimatefund.ca\/?s={search_term_string}"},"query-input":{"@type":"PropertyValueSpecification","valueRequired":true,"valueName":"search_term_string"}}],"inLanguage":"fr-FR"},{"@type":"Organization","@id":"https:\/\/ottclimatefund.ca\/#organization","name":"Ottawa Climate Action Fund","url":"https:\/\/ottclimatefund.ca\/","logo":{"@type":"ImageObject","inLanguage":"fr-FR","@id":"https:\/\/ottclimatefund.ca\/#\/schema\/logo\/image\/","url":"https:\/\/ottclimatefund.ca\/wp-content\/uploads\/2024\/07\/ocaf-logo.svg","contentUrl":"https:\/\/ottclimatefund.ca\/wp-content\/uploads\/2024\/07\/ocaf-logo.svg","width":172,"height":37,"caption":"Ottawa Climate Action Fund"},"image":{"@id":"https:\/\/ottclimatefund.ca\/#\/schema\/logo\/image\/"},"sameAs":["https:\/\/x.com\/OttClimateFund","https:\/\/www.linkedin.com\/company\/ottawa-climate-action-fund\/about\/"]}]}},"_links":{"self":[{"href":"https:\/\/ottclimatefund.ca\/fr\/wp-json\/wp\/v2\/team-member\/1166","targetHints":{"allow":["GET"]}}],"collection":[{"href":"https:\/\/ottclimatefund.ca\/fr\/wp-json\/wp\/v2\/team-member"}],"about":[{"href":"https:\/\/ottclimatefund.ca\/fr\/wp-json\/wp\/v2\/types\/team-member"}],"wp:featuredmedia":[{"embeddable":true,"href":"https:\/\/ottclimatefund.ca\/fr\/wp-json\/wp\/v2\/media\/1169"}],"wp:attachment":[{"href":"https:\/\/ottclimatefund.ca\/fr\/wp-json\/wp\/v2\/media?parent=1166"}],"wp:term":[{"taxonomy":"team-category","embeddable":true,"href":"https:\/\/ottclimatefund.ca\/fr\/wp-json\/wp\/v2\/team-category?post=1166"}],"curies":[{"name":"wp","href":"https:\/\/api.w.org\/{rel}","templated":true}]}}